{"id":16881,"date":"2019-06-03T11:49:27","date_gmt":"2019-10-11T11:38:38","guid":{"rendered":"https:\/\/newgarden.es\/shop\/sin%20categor\u00eda\/formentera-light\/"},"modified":"2022-03-04T10:18:45","modified_gmt":"2022-03-04T09:18:45","slug":"formentera-light","status":"publish","type":"product","link":"https:\/\/newgarden.es\/fr\/shop\/mobilier\/sieges\/formentera-light\/","title":{"rendered":"LIT DE JARDIN FORMENTERA AVEC LUMI\u00c8RE"},"content":{"rendered":"<section class=\"wpb-content-wrapper\"><p>[vc_row][vc_column el_class=\u00a0\u00bbdescripcion_producto\u00a0\u00bb][vc_column_text]<\/p>\n<p style=\"text-align: justify;\">LIT DE JARDIN <strong>FORMENTERA<\/strong> AVEC LUMI\u00c8RE<br \/>\nLit de jardin spacieux et confortable, id\u00e9al pour des terrasses ou de grands jardins. Il a l&rsquo;avantage d&rsquo;\u00eatre fait en poly\u00e9thyl\u00e8ne, r\u00e9sistant et l\u00e9ger ce qui facilite sa mobilit\u00e9.<\/p>\n<p>Ses coussins exclusifs et son matelas en similicuir sont optionnels.<\/p>\n<p>Disponible en version <strong>sans lumi\u00e8re<\/strong>, <strong>c\u00e2ble<\/strong> et <strong>solaire+batterie<\/strong> rechargeable.<\/p>\n<p><em>Tous les produits Newgarden sont fabriqu\u00e9s en poly\u00e9thyl\u00e8ne, ils sont donc l\u00e9gers et tr\u00e8s r\u00e9sistants aux temp\u00e9ratures extr\u00eames. Ils sont \u00e9galement prot\u00e9g\u00e9s contre les rayons UV, ce qui rend la dur\u00e9e de vie du produit extraordinairement longue.<\/em><\/p>\n<ul class=\"tablaTech\">\n<li>\n<div class=\"boxContents no-border\">\n<div class=\"name\"><strong>TAILLE<\/strong><\/div>\n<div class=\"data\">164 x 65 cm<\/div>\n<\/div>\n<\/li>\n<\/ul>\n<p>[\/vc_column_text][\/vc_column][\/vc_row][vc_row disable_element=\u00a0\u00bbyes\u00a0\u00bb][vc_column][vc_single_image image=\u00a0\u00bb6566&Prime; img_size=\u00a0\u00bbfull\u00a0\u00bb][\/vc_column][\/vc_row][vc_row][vc_column width=\u00a0\u00bb1\/2&Prime;][vc_btn title=\u00a0\u00bbFiche technique\u00a0\u00bb style=\u00a0\u00bbcustom\u00a0\u00bb custom_background=\u00a0\u00bb#009bc2&Prime; custom_text=\u00a0\u00bb#ffffff\u00a0\u00bb shape=\u00a0\u00bbsquare\u00a0\u00bb link=\u00a0\u00bburl:https%3A%2F%2Fwww.newgarden.es%2Fwp-content%2Fuploads%2F2018%2F02%2FFormentera.pdf|target:%20_blank|\u00a0\u00bb el_class=\u00a0\u00bbbtn_descargar_ficha\u00a0\u00bb][\/vc_column][vc_column width=\u00a0\u00bb1\/2&Prime;][vc_btn title=\u00a0\u00bbManuel d&rsquo;instrutions\u00a0\u00bb style=\u00a0\u00bbcustom\u00a0\u00bb custom_background=\u00a0\u00bb#009bc2&Prime; custom_text=\u00a0\u00bb#ffffff\u00a0\u00bb shape=\u00a0\u00bbsquare\u00a0\u00bb link=\u00a0\u00bburl:https%3A%2F%2Fnewgarden.es%2Finstrucciones%2F||target:%20_blank|\u00a0\u00bb el_class=\u00a0\u00bbbtn_descargar_ficha\u00a0\u00bb][\/vc_column][\/vc_row]<\/p>\n<\/section>","protected":false},"excerpt":{"rendered":"<h1 style=\"font-size: 12px;\">Canap\u00e9 lumineux Formentera<\/h1>\n","protected":false},"featured_media":63466,"template":"","meta":[],"product_cat":[657,1605,658],"product_tag":[647,707,648],"class_list":{"0":"post-16881","1":"product","2":"type-product","3":"status-publish","4":"has-post-thumbnail","6":"product_cat-mobilier","7":"product_cat-chaises-longues-et-lits-balinais","8":"product_cat-sieges","9":"product_tag-cable-fr","10":"product_tag-sans-fil","11":"product_tag-solaire","13":"first","14":"instock","15":"taxable","16":"shipping-taxable","17":"purchasable","18":"product-type-variable"},"yoast_head":"<!-- This site is optimized with the Yoast SEO plugin v24.2 - https:\/\/yoast.com\/wordpress\/plugins\/seo\/ -->\n<title>FORMENTERA - canap\u00e9 d&#039;ext\u00e9rieur lumineux spacieux et confortable<\/title>\n<meta name=\"description\" content=\"Canap\u00e9 d&#039;ext\u00e9rieur lumineux spacieux et confortable, id\u00e9al pour des terrasses, jardins ou espaces piscines.En poly\u00e9thyl\u00e8ne, r\u00e9sistant et l\u00e9ger.\" \/>\n<meta name=\"robots\" content=\"index, follow, max-snippet:-1, max-image-preview:large, max-video-preview:-1\" \/>\n<link rel=\"canonical\" href=\"https:\/\/newgarden.es\/fr\/shop\/mobilier\/sieges\/formentera-light\/\" \/>\n<meta property=\"og:locale\" content=\"fr_FR\" \/>\n<meta property=\"og:type\" content=\"article\" \/>\n<meta property=\"og:title\" content=\"FORMENTERA - canap\u00e9 d&#039;ext\u00e9rieur lumineux spacieux et confortable\" \/>\n<meta property=\"og:description\" content=\"Canap\u00e9 d&#039;ext\u00e9rieur lumineux spacieux et confortable, id\u00e9al pour des terrasses, jardins ou espaces piscines.En poly\u00e9thyl\u00e8ne, r\u00e9sistant et l\u00e9ger.\" \/>\n<meta property=\"og:url\" content=\"https:\/\/newgarden.es\/fr\/shop\/mobilier\/sieges\/formentera-light\/\" \/>\n<meta property=\"og:site_name\" content=\"Newgarden\" \/>\n<meta property=\"article:modified_time\" content=\"2022-03-04T09:18:45+00:00\" \/>\n<meta property=\"og:image\" content=\"https:\/\/newgarden.es\/wp-content\/uploads\/2019\/06\/FORMENTERA_1200X1200-11.jpg\" \/>\n\t<meta property=\"og:image:width\" content=\"1200\" \/>\n\t<meta property=\"og:image:height\" content=\"1200\" \/>\n\t<meta property=\"og:image:type\" content=\"image\/jpeg\" \/>\n<meta name=\"twitter:card\" content=\"summary_large_image\" \/>\n<meta name=\"twitter:label1\" content=\"Dur\u00e9e de lecture estim\u00e9e\" \/>\n\t<meta name=\"twitter:data1\" content=\"1 minute\" \/>\n<script type=\"application\/ld+json\" class=\"yoast-schema-graph\">{\"@context\":\"https:\/\/schema.org\",\"@graph\":[{\"@type\":\"WebPage\",\"@id\":\"https:\/\/newgarden.es\/fr\/shop\/mobilier\/sieges\/formentera-light\/\",\"url\":\"https:\/\/newgarden.es\/fr\/shop\/mobilier\/sieges\/formentera-light\/\",\"name\":\"FORMENTERA - canap\u00e9 d'ext\u00e9rieur lumineux spacieux et confortable\",\"isPartOf\":{\"@id\":\"https:\/\/newgarden.es\/#website\"},\"primaryImageOfPage\":{\"@id\":\"https:\/\/newgarden.es\/fr\/shop\/mobilier\/sieges\/formentera-light\/#primaryimage\"},\"image\":{\"@id\":\"https:\/\/newgarden.es\/fr\/shop\/mobilier\/sieges\/formentera-light\/#primaryimage\"},\"thumbnailUrl\":\"https:\/\/newgarden.es\/wp-content\/uploads\/2019\/06\/FORMENTERA_1200X1200-11.jpg\",\"datePublished\":\"2019-10-11T11:38:38+00:00\",\"dateModified\":\"2022-03-04T09:18:45+00:00\",\"description\":\"Canap\u00e9 d'ext\u00e9rieur lumineux spacieux et confortable, id\u00e9al pour des terrasses, jardins ou espaces piscines.En poly\u00e9thyl\u00e8ne, r\u00e9sistant et l\u00e9ger.\",\"breadcrumb\":{\"@id\":\"https:\/\/newgarden.es\/fr\/shop\/mobilier\/sieges\/formentera-light\/#breadcrumb\"},\"inLanguage\":\"fr-FR\",\"potentialAction\":[{\"@type\":\"ReadAction\",\"target\":[\"https:\/\/newgarden.es\/fr\/shop\/mobilier\/sieges\/formentera-light\/\"]}]},{\"@type\":\"ImageObject\",\"inLanguage\":\"fr-FR\",\"@id\":\"https:\/\/newgarden.es\/fr\/shop\/mobilier\/sieges\/formentera-light\/#primaryimage\",\"url\":\"https:\/\/newgarden.es\/wp-content\/uploads\/2019\/06\/FORMENTERA_1200X1200-11.jpg\",\"contentUrl\":\"https:\/\/newgarden.es\/wp-content\/uploads\/2019\/06\/FORMENTERA_1200X1200-11.jpg\",\"width\":1200,\"height\":1200},{\"@type\":\"BreadcrumbList\",\"@id\":\"https:\/\/newgarden.es\/fr\/shop\/mobilier\/sieges\/formentera-light\/#breadcrumb\",\"itemListElement\":[{\"@type\":\"ListItem\",\"position\":1,\"name\":\"Home\",\"item\":\"https:\/\/newgarden.es\/fr\/\"},{\"@type\":\"ListItem\",\"position\":2,\"name\":\"Boutique\",\"item\":\"https:\/\/newgarden.es\/fr\/boutique\/\"},{\"@type\":\"ListItem\",\"position\":3,\"name\":\"LIT DE JARDIN FORMENTERA AVEC LUMI\u00c8RE\"}]},{\"@type\":\"WebSite\",\"@id\":\"https:\/\/newgarden.es\/#website\",\"url\":\"https:\/\/newgarden.es\/\",\"name\":\"Newgarden\",\"description\":\"Be happy\",\"potentialAction\":[{\"@type\":\"SearchAction\",\"target\":{\"@type\":\"EntryPoint\",\"urlTemplate\":\"https:\/\/newgarden.es\/?s={search_term_string}\"},\"query-input\":{\"@type\":\"PropertyValueSpecification\",\"valueRequired\":true,\"valueName\":\"search_term_string\"}}],\"inLanguage\":\"fr-FR\"}]}<\/script>\n<!-- \/ Yoast SEO plugin. -->","yoast_head_json":{"title":"FORMENTERA - canap\u00e9 d'ext\u00e9rieur lumineux spacieux et confortable","description":"Canap\u00e9 d'ext\u00e9rieur lumineux spacieux et confortable, id\u00e9al pour des terrasses, jardins ou espaces piscines.En poly\u00e9thyl\u00e8ne, r\u00e9sistant et l\u00e9ger.","robots":{"index":"index","follow":"follow","max-snippet":"max-snippet:-1","max-image-preview":"max-image-preview:large","max-video-preview":"max-video-preview:-1"},"canonical":"https:\/\/newgarden.es\/fr\/shop\/mobilier\/sieges\/formentera-light\/","og_locale":"fr_FR","og_type":"article","og_title":"FORMENTERA - canap\u00e9 d'ext\u00e9rieur lumineux spacieux et confortable","og_description":"Canap\u00e9 d'ext\u00e9rieur lumineux spacieux et confortable, id\u00e9al pour des terrasses, jardins ou espaces piscines.En poly\u00e9thyl\u00e8ne, r\u00e9sistant et l\u00e9ger.","og_url":"https:\/\/newgarden.es\/fr\/shop\/mobilier\/sieges\/formentera-light\/","og_site_name":"Newgarden","article_modified_time":"2022-03-04T09:18:45+00:00","og_image":[{"width":1200,"height":1200,"url":"https:\/\/newgarden.es\/wp-content\/uploads\/2019\/06\/FORMENTERA_1200X1200-11.jpg","type":"image\/jpeg"}],"twitter_card":"summary_large_image","twitter_misc":{"Dur\u00e9e de lecture estim\u00e9e":"1 minute"},"schema":{"@context":"https:\/\/schema.org","@graph":[{"@type":"WebPage","@id":"https:\/\/newgarden.es\/fr\/shop\/mobilier\/sieges\/formentera-light\/","url":"https:\/\/newgarden.es\/fr\/shop\/mobilier\/sieges\/formentera-light\/","name":"FORMENTERA - canap\u00e9 d'ext\u00e9rieur lumineux spacieux et confortable","isPartOf":{"@id":"https:\/\/newgarden.es\/#website"},"primaryImageOfPage":{"@id":"https:\/\/newgarden.es\/fr\/shop\/mobilier\/sieges\/formentera-light\/#primaryimage"},"image":{"@id":"https:\/\/newgarden.es\/fr\/shop\/mobilier\/sieges\/formentera-light\/#primaryimage"},"thumbnailUrl":"https:\/\/newgarden.es\/wp-content\/uploads\/2019\/06\/FORMENTERA_1200X1200-11.jpg","datePublished":"2019-10-11T11:38:38+00:00","dateModified":"2022-03-04T09:18:45+00:00","description":"Canap\u00e9 d'ext\u00e9rieur lumineux spacieux et confortable, id\u00e9al pour des terrasses, jardins ou espaces piscines.En poly\u00e9thyl\u00e8ne, r\u00e9sistant et l\u00e9ger.","breadcrumb":{"@id":"https:\/\/newgarden.es\/fr\/shop\/mobilier\/sieges\/formentera-light\/#breadcrumb"},"inLanguage":"fr-FR","potentialAction":[{"@type":"ReadAction","target":["https:\/\/newgarden.es\/fr\/shop\/mobilier\/sieges\/formentera-light\/"]}]},{"@type":"ImageObject","inLanguage":"fr-FR","@id":"https:\/\/newgarden.es\/fr\/shop\/mobilier\/sieges\/formentera-light\/#primaryimage","url":"https:\/\/newgarden.es\/wp-content\/uploads\/2019\/06\/FORMENTERA_1200X1200-11.jpg","contentUrl":"https:\/\/newgarden.es\/wp-content\/uploads\/2019\/06\/FORMENTERA_1200X1200-11.jpg","width":1200,"height":1200},{"@type":"BreadcrumbList","@id":"https:\/\/newgarden.es\/fr\/shop\/mobilier\/sieges\/formentera-light\/#breadcrumb","itemListElement":[{"@type":"ListItem","position":1,"name":"Home","item":"https:\/\/newgarden.es\/fr\/"},{"@type":"ListItem","position":2,"name":"Boutique","item":"https:\/\/newgarden.es\/fr\/boutique\/"},{"@type":"ListItem","position":3,"name":"LIT DE JARDIN FORMENTERA AVEC LUMI\u00c8RE"}]},{"@type":"WebSite","@id":"https:\/\/newgarden.es\/#website","url":"https:\/\/newgarden.es\/","name":"Newgarden","description":"Be happy","potentialAction":[{"@type":"SearchAction","target":{"@type":"EntryPoint","urlTemplate":"https:\/\/newgarden.es\/?s={search_term_string}"},"query-input":{"@type":"PropertyValueSpecification","valueRequired":true,"valueName":"search_term_string"}}],"inLanguage":"fr-FR"}]}},"df_price":31,"df_sale_price":"","df_regular_price":31,"df_image_link":"https:\/\/newgarden.es\/wp-content\/uploads\/2019\/06\/FORMENTERA_1200X1200-11-580x400.jpg","_links":{"self":[{"href":"https:\/\/newgarden.es\/fr\/wp-json\/wp\/v2\/product\/16881"}],"collection":[{"href":"https:\/\/newgarden.es\/fr\/wp-json\/wp\/v2\/product"}],"about":[{"href":"https:\/\/newgarden.es\/fr\/wp-json\/wp\/v2\/types\/product"}],"wp:featuredmedia":[{"embeddable":true,"href":"https:\/\/newgarden.es\/fr\/wp-json\/wp\/v2\/media\/63466"}],"wp:attachment":[{"href":"https:\/\/newgarden.es\/fr\/wp-json\/wp\/v2\/media?parent=16881"}],"wp:term":[{"taxonomy":"product_cat","embeddable":true,"href":"https:\/\/newgarden.es\/fr\/wp-json\/wp\/v2\/product_cat?post=16881"},{"taxonomy":"product_tag","embeddable":true,"href":"https:\/\/newgarden.es\/fr\/wp-json\/wp\/v2\/product_tag?post=16881"}],"curies":[{"name":"wp","href":"https:\/\/api.w.org\/{rel}","templated":true}]}}